{"id":30,"date":"2019-06-17T14:44:33","date_gmt":"2019-06-17T12:44:33","guid":{"rendered":"https:\/\/produits-regionaux-guillestre.fr\/?page_id=30"},"modified":"2019-06-24T13:34:33","modified_gmt":"2019-06-24T11:34:33","slug":"qui-sommes-nous","status":"publish","type":"page","link":"https:\/\/produits-regionaux-guillestre.fr\/index.php\/qui-sommes-nous\/","title":{"rendered":"Qui sommes nous?"},"content":{"rendered":"<p>[et_pb_section fb_built=\u00a0\u00bb1&Prime; _builder_version=\u00a0\u00bb3.24.1&Prime;][et_pb_row _builder_version=\u00a0\u00bb3.25&Prime;][et_pb_column type=\u00a0\u00bb4_4&Prime; _builder_version=\u00a0\u00bb3.25&Prime; custom_padding=\u00a0\u00bb|||\u00a0\u00bb custom_padding__hover=\u00a0\u00bb|||\u00a0\u00bb][et_pb_text _builder_version=\u00a0\u00bb3.24.1&Prime; text_font=\u00a0\u00bb||||||||\u00a0\u00bb background_color=\u00a0\u00bbrgba(255,203,143,0.61)\u00a0\u00bb border_radii=\u00a0\u00bbon|10px|10px|10px|10px\u00a0\u00bb width=\u00a0\u00bb99%\u00a0\u00bb custom_margin=\u00a0\u00bb0px||\u00a0\u00bb custom_padding=\u00a0\u00bb10px||10px||true\u00a0\u00bb]<\/p>\n<h2 style=\"text-align: center;\">De la Demoiselle Coiff\u00e9e \u00e0 l&rsquo;ALPE GOURMANDE<\/h2>\n<p>[\/et_pb_text][\/et_pb_column][\/et_pb_row][et_pb_row _builder_version=\u00a0\u00bb3.25&Prime;][et_pb_column type=\u00a0\u00bb4_4&Prime; _builder_version=\u00a0\u00bb3.25&Prime; custom_padding=\u00a0\u00bb|||\u00a0\u00bb custom_padding__hover=\u00a0\u00bb|||\u00a0\u00bb][et_pb_image src=\u00a0\u00bbhttps:\/\/produits-regionaux-guillestre.fr\/wp-content\/uploads\/2019\/06\/coifee-bis.jpg\u00a0\u00bb align=\u00a0\u00bbcenter\u00a0\u00bb _builder_version=\u00a0\u00bb3.25.2&Prime;][\/et_pb_image][\/et_pb_column][\/et_pb_row][et_pb_row _builder_version=\u00a0\u00bb3.25&Prime;][et_pb_column type=\u00a0\u00bb4_4&Prime; _builder_version=\u00a0\u00bb3.25&Prime; custom_padding=\u00a0\u00bb|||\u00a0\u00bb custom_padding__hover=\u00a0\u00bb|||\u00a0\u00bb][et_pb_text _builder_version=\u00a0\u00bb3.24.1&Prime; text_font=\u00a0\u00bbVerdana||||||||\u00a0\u00bb text_text_color=\u00a0\u00bb#6b6b6b\u00a0\u00bb text_font_size=\u00a0\u00bb19px\u00a0\u00bb]<\/p>\n<p class=\"western\"><span size=\"3\" style=\"font-size: medium;\"><b>En 2002, l&rsquo;ntreprise est cr\u00e9\u00e9e. <\/b><\/span><\/p>\n<p class=\"western\"><span size=\"3\" style=\"font-size: medium;\"><b> Nous avons un petit atelier de fabrication install\u00e9 chez nous et nous vendons nos fabrications sur les march\u00e9s. <\/b><\/span><\/p>\n<p class=\"western\"><span size=\"3\" style=\"font-size: medium;\"><b> Nous fabriquons des biscuits et tr\u00e8s vite, nous nous diversifions\u00a0: confitures, tartes, pains d&rsquo;\u00e9pices, \u2026 et les premi\u00e8res ruches.<\/b><\/span><\/p>\n<p class=\"western\"><span size=\"3\" style=\"font-size: medium;\"><b> En 2008, nous cr\u00e9ons l&rsquo;Alpe Gourmande et en 2012, nous arr\u00eatons les march\u00e9s. <\/b><\/span><\/p>\n<p class=\"western\">[\/et_pb_text][\/et_pb_column][\/et_pb_row][\/et_pb_section]<\/p>\n","protected":false},"excerpt":{"rendered":"<p>De la Demoiselle Coiff\u00e9e \u00e0 l&rsquo;ALPE GOURMANDEEn 2002, l&rsquo;ntreprise est cr\u00e9\u00e9e. Nous avons un petit atelier de fabrication install\u00e9 chez nous et nous vendons nos fabrications sur les march\u00e9s. Nous fabriquons des biscuits et tr\u00e8s vite, nous nous diversifions\u00a0: confitures, tartes, pains d&rsquo;\u00e9pices, \u2026 et les premi\u00e8res ruches. En 2008, nous cr\u00e9ons l&rsquo;Alpe Gourmande et [&hellip;]<\/p>\n","protected":false},"author":1,"featured_media":0,"parent":0,"menu_order":0,"comment_status":"closed","ping_status":"closed","template":"","meta":{"_et_pb_use_builder":"on","_et_pb_old_content":"","_et_gb_content_width":"","footnotes":""},"class_list":["post-30","page","type-page","status-publish","hentry"],"_links":{"self":[{"href":"https:\/\/produits-regionaux-guillestre.fr\/index.php\/wp-json\/wp\/v2\/pages\/30","targetHints":{"allow":["GET"]}}],"collection":[{"href":"https:\/\/produits-regionaux-guillestre.fr\/index.php\/wp-json\/wp\/v2\/pages"}],"about":[{"href":"https:\/\/produits-regionaux-guillestre.fr\/index.php\/wp-json\/wp\/v2\/types\/page"}],"author":[{"embeddable":true,"href":"https:\/\/produits-regionaux-guillestre.fr\/index.php\/wp-json\/wp\/v2\/users\/1"}],"replies":[{"embeddable":true,"href":"https:\/\/produits-regionaux-guillestre.fr\/index.php\/wp-json\/wp\/v2\/comments?post=30"}],"version-history":[{"count":7,"href":"https:\/\/produits-regionaux-guillestre.fr\/index.php\/wp-json\/wp\/v2\/pages\/30\/revisions"}],"predecessor-version":[{"id":147,"href":"https:\/\/produits-regionaux-guillestre.fr\/index.php\/wp-json\/wp\/v2\/pages\/30\/revisions\/147"}],"wp:attachment":[{"href":"https:\/\/produits-regionaux-guillestre.fr\/index.php\/wp-json\/wp\/v2\/media?parent=30"}],"curies":[{"name":"wp","href":"https:\/\/api.w.org\/{rel}","templated":true}]}}